{"id":163681,"date":"2022-03-30T19:28:45","date_gmt":"2022-03-31T00:28:45","guid":{"rendered":"https:\/\/dev.new.datacolor.eu\/business-solutions\/webinar-series-color-theory\/"},"modified":"2022-11-26T14:46:21","modified_gmt":"2022-11-26T20:46:21","slug":"webinar-series-color-theory","status":"publish","type":"page","link":"https:\/\/www.datacolor.com\/pt-br\/business-solutions\/webinar-series-color-theory\/","title":{"rendered":"S\u00e9rie de Webinars: Teoria da Cor"},"content":{"rendered":"<section class=\"gutenblock gutenblock--oms-webinars bg-color-gray\">\n        <div class=\"gutenblock-inner\">\n            <div class=\"container-fluid\">\n            \n                    <div class=\"l-webinars__row row justify-content-center justify-content-lg-start\">\n                        <div class='l-webinars__col l-image-pb__col--image--hold col-12 col-md-10 col-lg-6'>\n<article id=\"post-184406\" class=\"webinar-teaser post-184406 webinar type-webinar status-publish hentry webinar_category-teoria-da-cor\">\n    <span id=\"\"><\/span>\n\n    <div class=\"video-wrapper\"><div class=\"embed-responsive embed-responsive-16by9 tester has-image iframe-wrapper js-video\" tabindex=\"0\"><figure class=\"video-overlay pb-image pb-image--stylized\"><img decoding=\"async\" width=\"900\" height=\"505\" src=\"https:\/\/www.datacolor.com\/wp-content\/uploads\/2022\/04\/shutterstock_1724253250-900x505.jpg\" class=\"pb-image__image\" alt=\"\" \/><div class=\"video-button\"><span class=\"play\"><\/span><\/div><figcaption class=\"pb-image__caption\">Cor e apar\u00eancia<\/figcaption><\/figure><iframe title=\"Color Theory Webinar - Part 1: Color and Appearance\" class=\"video-iframe\" tabindex=\"-1\" data-src=\"https:\/\/player.vimeo.com\/video\/725394656?dnt=1&amp;app_id=122963\" width=\"640\" height=\"360\" frameborder=\"0\" allow=\"autoplay; fullscreen; picture-in-picture; clipboard-write; encrypted-media; web-share\" referrerpolicy=\"strict-origin-when-cross-origin\"><\/iframe><\/div><div class=\"gdpr-consent-overlay cookieconsent-optout-marketing\">Please <a href=\"javascript:Cookiebot.renew()\">accept marketing-cookies<\/a> to view this video.<\/div><\/div>\n    <div class=\"webinar-teaser__content\">\n        <h2 class=\"webinar-teaser__title\">1. Cor e apar\u00eancia<\/h2>\n        <p>O que as propriedades do objeto, uma fonte de luz espec\u00edfica ou at\u00e9 mesmo as diferen\u00e7as na vis\u00e3o humana t\u00eam a ver com a cor? Tudo, porque todos esses aspectos influenciam a percep\u00e7\u00e3o das cores! Assista ao webinar para saber como!  <\/p>\n<p><a href=\"https:\/\/www.datacolor.com\/wp-content\/uploads\/2022\/05\/Datacolor_ColorTheory_Webianr_Part1.pdf\" target=\"_blank\" rel=\"noopener\">Download da apresenta\u00e7\u00e3o  &gt;<\/a><\/p>\n    <\/div>\n\n<\/article>\n\n<button type=\"button\" onclick=\"window.open('\/wp-admin\/post.php?post=184406&#038;action=edit')\" class=\"edit-link\" aria-hidden=\"true\">Edit Post<\/button><\/div><div class='l-webinars__col l-image-pb__col--image--hold col-12 col-md-10 col-lg-6'>\n<article id=\"post-184413\" class=\"webinar-teaser post-184413 webinar type-webinar status-publish hentry webinar_category-teoria-da-cor\">\n    <span id=\"\"><\/span>\n\n    <div class=\"video-wrapper\"><div class=\"embed-responsive embed-responsive-16by9 tester has-image iframe-wrapper js-video\" tabindex=\"0\"><figure class=\"video-overlay pb-image pb-image--stylized\"><img decoding=\"async\" width=\"800\" height=\"505\" src=\"https:\/\/www.datacolor.com\/wp-content\/uploads\/2022\/04\/Color-Communication-800x505.jpg\" class=\"pb-image__image\" alt=\"\" \/><div class=\"video-button\"><span class=\"play\"><\/span><\/div><figcaption class=\"pb-image__caption\">Comunica\u00e7\u00e3o em cores  <\/figcaption><\/figure><iframe title=\"Color Theory Webinar - Part 2: Color Communication\" class=\"video-iframe\" tabindex=\"-1\" data-src=\"https:\/\/player.vimeo.com\/video\/725397551?dnt=1&amp;app_id=122963\" width=\"640\" height=\"360\" frameborder=\"0\" allow=\"autoplay; fullscreen; picture-in-picture; clipboard-write; encrypted-media; web-share\" referrerpolicy=\"strict-origin-when-cross-origin\"><\/iframe><\/div><div class=\"gdpr-consent-overlay cookieconsent-optout-marketing\">Please <a href=\"javascript:Cookiebot.renew()\">accept marketing-cookies<\/a> to view this video.<\/div><\/div>\n    <div class=\"webinar-teaser__content\">\n        <h2 class=\"webinar-teaser__title\">2. Comunica\u00e7\u00e3o de cores<\/h2>\n        <p>Todos n\u00f3s falamos sobre cores, certo? Mas como exatamente voc\u00ea se comunica sobre uma cor? Vamos falar com voc\u00ea sobre L* (Lightness), C* (Color) e H* (Hue) e ler algumas curvas espectrais juntos durante este webinar.  <\/p>\n<p><a href=\"https:\/\/www.datacolor.com\/wp-content\/uploads\/2022\/05\/Datacolor_ColorTheory_Webianr_Part2.pdf\" target=\"_blank\" rel=\"noopener\">Download da apresenta\u00e7\u00e3o  &gt;<\/a><\/p>\n    <\/div>\n\n<\/article>\n\n<button type=\"button\" onclick=\"window.open('\/wp-admin\/post.php?post=184413&#038;action=edit')\" class=\"edit-link\" aria-hidden=\"true\">Edit Post<\/button><\/div><div class='l-webinars__col l-image-pb__col--image--hold col-12 col-md-10 col-lg-6'>\n<article id=\"post-184414\" class=\"webinar-teaser post-184414 webinar type-webinar status-publish hentry webinar_category-teoria-da-cor\">\n    <span id=\"\"><\/span>\n\n    <div class=\"video-wrapper\"><div class=\"embed-responsive embed-responsive-16by9 tester has-image iframe-wrapper js-video\" tabindex=\"0\"><figure class=\"video-overlay pb-image pb-image--stylized\"><img decoding=\"async\" width=\"800\" height=\"451\" src=\"https:\/\/www.datacolor.com\/wp-content\/uploads\/2022\/04\/Color-Coordinates.jpg\" class=\"pb-image__image\" alt=\"\" srcset=\"https:\/\/www.datacolor.com\/wp-content\/uploads\/2022\/04\/Color-Coordinates.jpg 800w, https:\/\/www.datacolor.com\/wp-content\/uploads\/2022\/04\/Color-Coordinates-300x169.jpg 300w, https:\/\/www.datacolor.com\/wp-content\/uploads\/2022\/04\/Color-Coordinates-768x433.jpg 768w, https:\/\/www.datacolor.com\/wp-content\/uploads\/2022\/04\/Color-Coordinates-600x338.jpg 600w, https:\/\/www.datacolor.com\/wp-content\/uploads\/2022\/04\/Color-Coordinates-350x197.jpg 350w, https:\/\/www.datacolor.com\/wp-content\/uploads\/2022\/04\/Color-Coordinates-735x414.jpg 735w, https:\/\/www.datacolor.com\/wp-content\/uploads\/2022\/04\/Color-Coordinates-700x395.jpg 700w, https:\/\/www.datacolor.com\/wp-content\/uploads\/2022\/04\/Color-Coordinates-100x56.jpg 100w, https:\/\/www.datacolor.com\/wp-content\/uploads\/2022\/04\/Color-Coordinates-40x23.jpg 40w\" sizes=\"(max-width: 800px) 100vw, 800px\" \/><div class=\"video-button\"><span class=\"play\"><\/span><\/div><figcaption class=\"pb-image__caption\">Coordenadas de cores e diferen\u00e7a de cores<\/figcaption><\/figure><iframe title=\"Color Theory Webinar - Part 3: Color Coordinates and Color Difference\" class=\"video-iframe\" tabindex=\"-1\" data-src=\"https:\/\/player.vimeo.com\/video\/725398590?dnt=1&amp;app_id=122963\" width=\"640\" height=\"360\" frameborder=\"0\" allow=\"autoplay; fullscreen; picture-in-picture; clipboard-write; encrypted-media; web-share\" referrerpolicy=\"strict-origin-when-cross-origin\"><\/iframe><\/div><div class=\"gdpr-consent-overlay cookieconsent-optout-marketing\">Please <a href=\"javascript:Cookiebot.renew()\">accept marketing-cookies<\/a> to view this video.<\/div><\/div>\n    <div class=\"webinar-teaser__content\">\n        <h2 class=\"webinar-teaser__title\">3. Coordenadas de cores e diferen\u00e7a de cores<\/h2>\n        <p>Neste webinar, saiba como expressar melhor a cor que voc\u00ea precisa para sua tinta, seu revestimento ou qualquer outro objeto! Junte-se a n\u00f3s para explorar os valores trist\u00edmulos CIE e o espa\u00e7o de cores CIELAB, e calcularemos juntos as diferen\u00e7as de cores. <\/p>\n<p><a href=\"https:\/\/www.datacolor.com\/wp-content\/uploads\/2022\/05\/Datacolor_ColorTheory_Webianr_Part3.pdf\" target=\"_blank\" rel=\"noopener\">Download da apresenta\u00e7\u00e3o  &gt;<\/a><\/p>\n    <\/div>\n\n<\/article>\n\n<button type=\"button\" onclick=\"window.open('\/wp-admin\/post.php?post=184414&#038;action=edit')\" class=\"edit-link\" aria-hidden=\"true\">Edit Post<\/button><\/div><div class='l-webinars__col l-image-pb__col--image--hold col-12 col-md-10 col-lg-6'>\n<article id=\"post-184420\" class=\"webinar-teaser post-184420 webinar type-webinar status-publish hentry webinar_category-teoria-da-cor\">\n    <span id=\"\"><\/span>\n\n    <div class=\"video-wrapper\"><div class=\"embed-responsive embed-responsive-16by9 tester has-image iframe-wrapper js-video\" tabindex=\"0\"><figure class=\"video-overlay pb-image pb-image--stylized\"><img decoding=\"async\" width=\"800\" height=\"505\" src=\"https:\/\/www.datacolor.com\/wp-content\/uploads\/2022\/04\/Color-Tolerances-800x505.jpg\" class=\"pb-image__image\" alt=\"\" srcset=\"https:\/\/www.datacolor.com\/wp-content\/uploads\/2022\/04\/Color-Tolerances-800x505.jpg 800w, https:\/\/www.datacolor.com\/wp-content\/uploads\/2022\/04\/Color-Tolerances-100x64.jpg 100w, https:\/\/www.datacolor.com\/wp-content\/uploads\/2022\/04\/Color-Tolerances-40x26.jpg 40w\" sizes=\"(max-width: 800px) 100vw, 800px\" \/><div class=\"video-button\"><span class=\"play\"><\/span><\/div><figcaption class=\"pb-image__caption\">Toler\u00e2ncia de cor<\/figcaption><\/figure><iframe title=\"Color Theory Webinar - Part 4: Color Tolerances\" class=\"video-iframe\" tabindex=\"-1\" data-src=\"https:\/\/player.vimeo.com\/video\/725401736?dnt=1&amp;app_id=122963\" width=\"640\" height=\"360\" frameborder=\"0\" allow=\"autoplay; fullscreen; picture-in-picture; clipboard-write; encrypted-media; web-share\" referrerpolicy=\"strict-origin-when-cross-origin\"><\/iframe><\/div><div class=\"gdpr-consent-overlay cookieconsent-optout-marketing\">Please <a href=\"javascript:Cookiebot.renew()\">accept marketing-cookies<\/a> to view this video.<\/div><\/div>\n    <div class=\"webinar-teaser__content\">\n        <h2 class=\"webinar-teaser__title\">4. Toler\u00e2ncia de cor<\/h2>\n        <p>Na maioria dos setores, \u00e9 necess\u00e1ria a consist\u00eancia das cores em v\u00e1rios materiais e itera\u00e7\u00f5es. Agora que adquirimos uma linguagem comum em cores, vamos nos concentrar na colorimetria e em como medir e registrar as diferen\u00e7as de cores. Veremos o Delta E, a toler\u00e2ncia de cores e a aceitabilidade de cores.  <\/p>\n<p><a href=\"https:\/\/www.datacolor.com\/wp-content\/uploads\/2022\/05\/Datacolor_ColorTheory_Webianr_Part4.pdf\" target=\"_blank\" rel=\"noopener\">Download da apresenta\u00e7\u00e3o  &gt;<\/a><\/p>\n    <\/div>\n\n<\/article>\n\n<button type=\"button\" onclick=\"window.open('\/wp-admin\/post.php?post=184420&#038;action=edit')\" class=\"edit-link\" aria-hidden=\"true\">Edit Post<\/button><\/div><div class='l-webinars__col l-image-pb__col--image--hold col-12 col-md-10 col-lg-6'>\n<article id=\"post-184419\" class=\"webinar-teaser post-184419 webinar type-webinar status-publish hentry webinar_category-teoria-da-cor\">\n    <span id=\"\"><\/span>\n\n    <div class=\"video-wrapper\"><div class=\"embed-responsive embed-responsive-16by9 tester has-image iframe-wrapper js-video\" tabindex=\"0\"><figure class=\"video-overlay pb-image pb-image--stylized\"><img decoding=\"async\" width=\"800\" height=\"457\" src=\"https:\/\/www.datacolor.com\/wp-content\/uploads\/2022\/04\/visual-illusion.jpg\" class=\"pb-image__image\" alt=\"\" srcset=\"https:\/\/www.datacolor.com\/wp-content\/uploads\/2022\/04\/visual-illusion.jpg 800w, https:\/\/www.datacolor.com\/wp-content\/uploads\/2022\/04\/visual-illusion-300x171.jpg 300w, https:\/\/www.datacolor.com\/wp-content\/uploads\/2022\/04\/visual-illusion-768x439.jpg 768w, https:\/\/www.datacolor.com\/wp-content\/uploads\/2022\/04\/visual-illusion-600x343.jpg 600w, https:\/\/www.datacolor.com\/wp-content\/uploads\/2022\/04\/visual-illusion-350x200.jpg 350w, https:\/\/www.datacolor.com\/wp-content\/uploads\/2022\/04\/visual-illusion-735x420.jpg 735w, https:\/\/www.datacolor.com\/wp-content\/uploads\/2022\/04\/visual-illusion-700x400.jpg 700w, https:\/\/www.datacolor.com\/wp-content\/uploads\/2022\/04\/visual-illusion-100x57.jpg 100w, https:\/\/www.datacolor.com\/wp-content\/uploads\/2022\/04\/visual-illusion-40x23.jpg 40w\" sizes=\"(max-width: 800px) 100vw, 800px\" \/><div class=\"video-button\"><span class=\"play\"><\/span><\/div><figcaption class=\"pb-image__caption\">Avalia\u00e7\u00e3o visual e instrumental de cores<\/figcaption><\/figure><iframe title=\"Color Theory Webinar - Part 5: Visual and Instrumental Evaluation\" class=\"video-iframe\" tabindex=\"-1\" data-src=\"https:\/\/player.vimeo.com\/video\/725402827?dnt=1&amp;app_id=122963\" width=\"640\" height=\"360\" frameborder=\"0\" allow=\"autoplay; fullscreen; picture-in-picture; clipboard-write; encrypted-media; web-share\" referrerpolicy=\"strict-origin-when-cross-origin\"><\/iframe><\/div><div class=\"gdpr-consent-overlay cookieconsent-optout-marketing\">Please <a href=\"javascript:Cookiebot.renew()\">accept marketing-cookies<\/a> to view this video.<\/div><\/div>\n    <div class=\"webinar-teaser__content\">\n        <h2 class=\"webinar-teaser__title\">5. Avalia\u00e7\u00e3o visual e instrumental da cor<\/h2>\n        <p>Voc\u00ea est\u00e1 se perguntando qual \u00e9 a melhor maneira de avaliar a cor? Vamos definir as condi\u00e7\u00f5es necess\u00e1rias para avaliar a cor e analisar como um color\u00edmetro ou um espectrofot\u00f4metro pode fazer o trabalho para voc\u00ea! <\/p>\n<p><a href=\"https:\/\/www.datacolor.com\/wp-content\/uploads\/2022\/05\/Datacolor_ColorTheory_Webianr_Part5.pdf\" target=\"_blank\" rel=\"noopener\">Download da apresenta\u00e7\u00e3o  &gt;<\/a><\/p>\n    <\/div>\n\n<\/article>\n\n<button type=\"button\" onclick=\"window.open('\/wp-admin\/post.php?post=184419&#038;action=edit')\" class=\"edit-link\" aria-hidden=\"true\">Edit Post<\/button><\/div>                    <\/div>\n                            <\/div>\n        <\/div>\n    <\/section>","protected":false},"excerpt":{"rendered":"<p>Voc\u00ea est\u00e1 se perguntando qual \u00e9 a melhor maneira de avaliar a cor? Vamos definir as condi\u00e7\u00f5es necess\u00e1rias para avaliar a cor e analisar como um color\u00edmetro ou um espectrofot\u00f4metro&#8230;<\/p>\n","protected":false},"author":2,"featured_media":0,"parent":160248,"menu_order":0,"comment_status":"closed","ping_status":"closed","template":"","meta":{"_acf_changed":false,"_relevanssi_hide_post":"","_relevanssi_hide_content":"","_relevanssi_pin_for_all":"","_relevanssi_pin_keywords":"","_relevanssi_unpin_keywords":"","_relevanssi_related_keywords":"","_relevanssi_related_include_ids":"","_relevanssi_related_exclude_ids":"","_relevanssi_related_no_append":"","_relevanssi_related_not_related":"","_relevanssi_related_posts":"","_relevanssi_noindex_reason":"","footnotes":""},"class_list":["post-163681","page","type-page","status-publish","hentry"],"acf":[],"yoast_head":"<!-- This site is optimized with the Yoast SEO plugin v26.6 - https:\/\/yoast.com\/wordpress\/plugins\/seo\/ -->\n<title>Teoria da Teoria da Cor S\u00e9rie de Webinars com Datacolor<\/title>\n<meta name=\"description\" content=\"Aprenda a ci\u00eancia da cor e como comunicar a linguagem da cor nesta s\u00e9rie de 5 partes de webinars.\" \/>\n<meta name=\"robots\" content=\"index, follow, max-snippet:-1, max-image-preview:large, max-video-preview:-1\" \/>\n<link rel=\"canonical\" href=\"https:\/\/www.datacolor.com\/pt-br\/business-solutions\/webinar-series-color-theory\/\" \/>\n<meta property=\"og:locale\" content=\"pt_BR\" \/>\n<meta property=\"og:type\" content=\"article\" \/>\n<meta property=\"og:title\" content=\"Teoria da Teoria da Cor S\u00e9rie de Webinars com Datacolor\" \/>\n<meta property=\"og:description\" content=\"Aprenda a ci\u00eancia da cor e como comunicar a linguagem da cor nesta s\u00e9rie de 5 partes de webinars.\" \/>\n<meta property=\"og:url\" content=\"https:\/\/www.datacolor.com\/pt-br\/business-solutions\/webinar-series-color-theory\/\" \/>\n<meta property=\"og:site_name\" content=\"Datacolor\" \/>\n<meta property=\"article:publisher\" content=\"https:\/\/facebook.com\/DatacolorCorporate\" \/>\n<meta property=\"article:modified_time\" content=\"2022-11-26T20:46:21+00:00\" \/>\n<meta property=\"og:image\" content=\"https:\/\/www.datacolor.com\/wp-content\/uploads\/2022\/01\/collage-careers-800x700-1.jpg\" \/>\n\t<meta property=\"og:image:width\" content=\"800\" \/>\n\t<meta property=\"og:image:height\" content=\"700\" \/>\n\t<meta property=\"og:image:type\" content=\"image\/jpeg\" \/>\n<meta name=\"twitter:card\" content=\"summary_large_image\" \/>\n<!-- \/ Yoast SEO plugin. -->","yoast_head_json":{"title":"Teoria da Teoria da Cor S\u00e9rie de Webinars com Datacolor","description":"Aprenda a ci\u00eancia da cor e como comunicar a linguagem da cor nesta s\u00e9rie de 5 partes de webinars.","robots":{"index":"index","follow":"follow","max-snippet":"max-snippet:-1","max-image-preview":"max-image-preview:large","max-video-preview":"max-video-preview:-1"},"canonical":"https:\/\/www.datacolor.com\/pt-br\/business-solutions\/webinar-series-color-theory\/","og_locale":"pt_BR","og_type":"article","og_title":"Teoria da Teoria da Cor S\u00e9rie de Webinars com Datacolor","og_description":"Aprenda a ci\u00eancia da cor e como comunicar a linguagem da cor nesta s\u00e9rie de 5 partes de webinars.","og_url":"https:\/\/www.datacolor.com\/pt-br\/business-solutions\/webinar-series-color-theory\/","og_site_name":"Datacolor","article_publisher":"https:\/\/facebook.com\/DatacolorCorporate","article_modified_time":"2022-11-26T20:46:21+00:00","og_image":[{"width":800,"height":700,"url":"https:\/\/www.datacolor.com\/wp-content\/uploads\/2022\/01\/collage-careers-800x700-1.jpg","type":"image\/jpeg"}],"twitter_card":"summary_large_image","schema":{"@context":"https:\/\/schema.org","@graph":[{"@type":"WebPage","@id":"https:\/\/www.datacolor.com\/pt-br\/business-solutions\/webinar-series-color-theory\/","url":"https:\/\/www.datacolor.com\/pt-br\/business-solutions\/webinar-series-color-theory\/","name":"Teoria da Teoria da Cor S\u00e9rie de Webinars com Datacolor","isPartOf":{"@id":"https:\/\/www.datacolor.com\/pt-br\/#website"},"datePublished":"2022-03-31T00:28:45+00:00","dateModified":"2022-11-26T20:46:21+00:00","description":"Aprenda a ci\u00eancia da cor e como comunicar a linguagem da cor nesta s\u00e9rie de 5 partes de webinars.","inLanguage":"pt-BR","potentialAction":[{"@type":"ReadAction","target":["https:\/\/www.datacolor.com\/pt-br\/business-solutions\/webinar-series-color-theory\/"]}]},{"@type":"WebSite","@id":"https:\/\/www.datacolor.com\/pt-br\/#website","url":"https:\/\/www.datacolor.com\/pt-br\/","name":"Datacolor","description":"Color Management Solutions","publisher":{"@id":"https:\/\/www.datacolor.com\/pt-br\/#organization"},"potentialAction":[{"@type":"SearchAction","target":{"@type":"EntryPoint","urlTemplate":"https:\/\/www.datacolor.com\/pt-br\/?s={search_term_string}"},"query-input":{"@type":"PropertyValueSpecification","valueRequired":true,"valueName":"search_term_string"}}],"inLanguage":"pt-BR"},{"@type":"Organization","@id":"https:\/\/www.datacolor.com\/pt-br\/#organization","name":"Datacolor","url":"https:\/\/www.datacolor.com\/pt-br\/","logo":{"@type":"ImageObject","inLanguage":"pt-BR","@id":"https:\/\/www.datacolor.com\/pt-br\/#\/schema\/logo\/image\/","url":"https:\/\/www.datacolor.com\/wp-content\/uploads\/2021\/12\/logo-header.jpg","contentUrl":"https:\/\/www.datacolor.com\/wp-content\/uploads\/2021\/12\/logo-header.jpg","width":259,"height":45,"caption":"Datacolor"},"image":{"@id":"https:\/\/www.datacolor.com\/pt-br\/#\/schema\/logo\/image\/"},"sameAs":["https:\/\/facebook.com\/DatacolorCorporate","https:\/\/linkedin.com\/company\/datacolor","https:\/\/www.youtube.com\/user\/DatacolorIndustrial"]}]}},"_links":{"self":[{"href":"https:\/\/www.datacolor.com\/pt-br\/wp-json\/wp\/v2\/pages\/163681","targetHints":{"allow":["GET"]}}],"collection":[{"href":"https:\/\/www.datacolor.com\/pt-br\/wp-json\/wp\/v2\/pages"}],"about":[{"href":"https:\/\/www.datacolor.com\/pt-br\/wp-json\/wp\/v2\/types\/page"}],"author":[{"embeddable":true,"href":"https:\/\/www.datacolor.com\/pt-br\/wp-json\/wp\/v2\/users\/2"}],"replies":[{"embeddable":true,"href":"https:\/\/www.datacolor.com\/pt-br\/wp-json\/wp\/v2\/comments?post=163681"}],"version-history":[{"count":0,"href":"https:\/\/www.datacolor.com\/pt-br\/wp-json\/wp\/v2\/pages\/163681\/revisions"}],"up":[{"embeddable":true,"href":"https:\/\/www.datacolor.com\/pt-br\/wp-json\/wp\/v2\/pages\/160248"}],"wp:attachment":[{"href":"https:\/\/www.datacolor.com\/pt-br\/wp-json\/wp\/v2\/media?parent=163681"}],"curies":[{"name":"wp","href":"https:\/\/api.w.org\/{rel}","templated":true}]}}